{"id":166,"date":"2018-01-26T12:26:09","date_gmt":"2018-01-26T11:26:09","guid":{"rendered":"http:\/\/fg.bsg.tu-berlin.de\/?page_id=166"},"modified":"2019-04-16T14:48:07","modified_gmt":"2019-04-16T12:48:07","slug":"lehre-bachelor","status":"publish","type":"page","link":"https:\/\/fg.bsg.tu-berlin.de\/en\/lehre-bachelor\/","title":{"rendered":"Lehre-Bachelor"},"content":{"rendered":"<p><section class=\"fw-main-row fw-section-no-padding\"\n\t\t style=\" \" >\n\t<div class=\"fw-container\">\n\t\t<div class=\"fw-row\">\n\t<div class=\"fw-col-sm-12\">\n\t<div class=\"fw-col-inner\">\n\t\t<div class=\"fw-divider-space  space-md clearfix\"  ><\/div>\t<\/div>\n<\/div><\/div>\n\n\t<\/div>\n<\/section><section class=\"fw-main-row-custom fw-section-no-padding\"\n\t\t style=\" \" >\n\t<div class=\"fw-container\">\n\t\t<div class=\"fw-row\">\n\t<div class=\"fw-col-sm-12\">\n\t<div class=\"fw-col-inner\">\n\t\t<div class=\"fw-shortcode-post-section\">\n\t\t<div class=\"latest-posts lp-type8 clearfix\">\n\t\t\t\t\t<div class=\"col-md-12\">\n\t\t\t\t<div class=\"lp-category-name-wrap\">\n\t\t\t\t\t<h2 class=\"lp-category-name\">Lehre Bachelor<\/h2>\n\t\t\t\t<\/div>\n\t\t\t<\/div>\n\t\t\t\t<div class=\"lp-content clearfix\">\n\t\t\t\t\t\t\t<div class=\"col-md-4 col-sm-4 col-xs-6\">\n\t\t\t\t\t<div class=\"lp-item\">\n\t\t\t\t\t\t\t\t\t\t\t\t\t<a href=\"https:\/\/fg.bsg.tu-berlin.de\/en\/sose23-stadtbaugeschichte\/\" class=\"lp-all-content-wrap\">\n\t\t\t\t\t\t\t\t<img width=\"1200\" height=\"900\" src=\"https:\/\/fg.bsg.tu-berlin.de\/wp-content\/uploads\/2022\/03\/1200x900_Stadtbaugeschichte.jpg\" class=\"attachment-post-thumbnail size-post-thumbnail wp-post-image\" alt=\"\" loading=\"lazy\" srcset=\"https:\/\/fg.bsg.tu-berlin.de\/wp-content\/uploads\/2022\/03\/1200x900_Stadtbaugeschichte.jpg 1200w, https:\/\/fg.bsg.tu-berlin.de\/wp-content\/uploads\/2022\/03\/1200x900_Stadtbaugeschichte-300x225.jpg 300w, https:\/\/fg.bsg.tu-berlin.de\/wp-content\/uploads\/2022\/03\/1200x900_Stadtbaugeschichte-768x576.jpg 768w, https:\/\/fg.bsg.tu-berlin.de\/wp-content\/uploads\/2022\/03\/1200x900_Stadtbaugeschichte-16x12.jpg 16w, https:\/\/fg.bsg.tu-berlin.de\/wp-content\/uploads\/2022\/03\/1200x900_Stadtbaugeschichte-393x295.jpg 393w, https:\/\/fg.bsg.tu-berlin.de\/wp-content\/uploads\/2022\/03\/1200x900_Stadtbaugeschichte-786x590.jpg 786w\" sizes=\"(max-width: 1200px) 100vw, 1200px\" \/>\n\t\t\t\t\t\t\t\t<div class=\"lp-item-content\">\n\t\t\t\t\t\t\t\t\t<div class=\"fw-itable\">\n\t\t\t\t\t\t\t\t\t\t<div class=\"fw-icell\">\n\t\t\t\t\t\t\t\t\t\t\t<h4 class=\"lp-title\">SoSe23 Stadtbaugeschichte<\/h4>\n\t\t\t\t\t\t\t\t\t\t\t<div class=\"lp-text\">\n\t\t\t\t\t\t\t\t\t\t\t\t<p>Die Vorlesung gibt in gedr\u00e4ngter Form einen \u00dcberblick zur\u00a0Geschichte\u00a0des St\u00e4dtebaus von den fr\u00fchen Kulturen bis in das 21. Jahrhundert. Ort: A 151Zeit (Tag und Uhrzeit): Mittwochs 18-20 Uhr; Termine: 26.04., 03.05.,10.05.,07.06., 28.06., 05.07.1. Veranstaltung: 26.04.2023 VL 1 SWS \u2013 1 LPArchitektur BachelorModul: 5.2\u00a0Geschichte\u00a0und Soziologie der ArchitekturModulbestandteil: StadtbaugeschichtePr\u00fcfungsleistung: schriftlicher Test (Baugeschichte\u00a0II\u00a0und Einf\u00fchrung in die\u00a0Stadtbaugeschichte\u00a0zusammen), voraussichtlich online, [\u2026]<\/p>\n\t\t\t\t\t\t\t\t\t\t\t<\/div>\n\t\t\t\t\t\t\t\t\t\t<\/div>\n\t\t\t\t\t\t\t\t\t<\/div>\n\t\t\t\t\t\t\t\t<\/div>\n\t\t\t\t\t\t\t<\/a>\n\t\t\t\t\t\t\t\t\t\t\t<\/div>\n\t\t\t\t<\/div>\n\t\t\t\t\t\t\t<div class=\"col-md-4 col-sm-4 col-xs-6\">\n\t\t\t\t\t<div class=\"lp-item\">\n\t\t\t\t\t\t\t\t\t\t\t\t\t<a href=\"https:\/\/fg.bsg.tu-berlin.de\/en\/sose-2023-bauaufnahme\/\" class=\"lp-all-content-wrap\">\n\t\t\t\t\t\t\t\t<img width=\"1200\" height=\"900\" src=\"https:\/\/fg.bsg.tu-berlin.de\/wp-content\/uploads\/2023\/03\/Kirche-EW-Blogpost.jpg\" class=\"attachment-post-thumbnail size-post-thumbnail wp-post-image\" alt=\"\" loading=\"lazy\" srcset=\"https:\/\/fg.bsg.tu-berlin.de\/wp-content\/uploads\/2023\/03\/Kirche-EW-Blogpost.jpg 1200w, https:\/\/fg.bsg.tu-berlin.de\/wp-content\/uploads\/2023\/03\/Kirche-EW-Blogpost-300x225.jpg 300w, https:\/\/fg.bsg.tu-berlin.de\/wp-content\/uploads\/2023\/03\/Kirche-EW-Blogpost-768x576.jpg 768w, https:\/\/fg.bsg.tu-berlin.de\/wp-content\/uploads\/2023\/03\/Kirche-EW-Blogpost-16x12.jpg 16w, https:\/\/fg.bsg.tu-berlin.de\/wp-content\/uploads\/2023\/03\/Kirche-EW-Blogpost-393x295.jpg 393w, https:\/\/fg.bsg.tu-berlin.de\/wp-content\/uploads\/2023\/03\/Kirche-EW-Blogpost-786x590.jpg 786w\" sizes=\"(max-width: 1200px) 100vw, 1200px\" \/>\n\t\t\t\t\t\t\t\t<div class=\"lp-item-content\">\n\t\t\t\t\t\t\t\t\t<div class=\"fw-itable\">\n\t\t\t\t\t\t\t\t\t\t<div class=\"fw-icell\">\n\t\t\t\t\t\t\t\t\t\t\t<h4 class=\"lp-title\">SoSe 2023 Bauaufnahme<\/h4>\n\t\t\t\t\t\t\t\t\t\t\t<div class=\"lp-text\">\n\t\t\t\t\t\t\t\t\t\t\t\t<p>Die Veranstaltung bietet einen \u00dcberblick \u00fcber verschiedene Methoden der Bauaufnahme, mit besonderer Ber\u00fccksichtigung des h\u00e4ndischen Aufma\u00dfes und des 3D-Laserscannings. Ihre Anwendung wird an der Johanniskirche, in Eberswalde,\u00a0 in Dreiergruppen ge\u00fcbt. Bauaufma\u00dfpl\u00e4ne im Ma\u00dfstab 1:25, Fotodokumentation und analytische Befunderfassung stellen Planungsgrundlagen f\u00fcr anstehende Bauma\u00dfnahmen dar. Empfohlene Literatur: AHNERT, R.; KRAUSE, K. H.\u00a0: Typische Baukonstruktionen\u00a0von 1860 bis [\u2026]<\/p>\n\t\t\t\t\t\t\t\t\t\t\t<\/div>\n\t\t\t\t\t\t\t\t\t\t<\/div>\n\t\t\t\t\t\t\t\t\t<\/div>\n\t\t\t\t\t\t\t\t<\/div>\n\t\t\t\t\t\t\t<\/a>\n\t\t\t\t\t\t\t\t\t\t\t<\/div>\n\t\t\t\t<\/div>\n\t\t\t\t\t\t\t<div class=\"col-md-4 col-sm-4 col-xs-6\">\n\t\t\t\t\t<div class=\"lp-item\">\n\t\t\t\t\t\t\t\t\t\t\t\t\t<a href=\"https:\/\/fg.bsg.tu-berlin.de\/en\/sose23-the-fragments-of-roundness\/\" class=\"lp-all-content-wrap\">\n\t\t\t\t\t\t\t\t<img width=\"1200\" height=\"900\" src=\"https:\/\/fg.bsg.tu-berlin.de\/wp-content\/uploads\/2023\/03\/siza3.jpg\" class=\"attachment-post-thumbnail size-post-thumbnail wp-post-image\" alt=\"\" loading=\"lazy\" srcset=\"https:\/\/fg.bsg.tu-berlin.de\/wp-content\/uploads\/2023\/03\/siza3.jpg 1200w, https:\/\/fg.bsg.tu-berlin.de\/wp-content\/uploads\/2023\/03\/siza3-300x225.jpg 300w, https:\/\/fg.bsg.tu-berlin.de\/wp-content\/uploads\/2023\/03\/siza3-768x576.jpg 768w, https:\/\/fg.bsg.tu-berlin.de\/wp-content\/uploads\/2023\/03\/siza3-16x12.jpg 16w, https:\/\/fg.bsg.tu-berlin.de\/wp-content\/uploads\/2023\/03\/siza3-393x295.jpg 393w, https:\/\/fg.bsg.tu-berlin.de\/wp-content\/uploads\/2023\/03\/siza3-786x590.jpg 786w\" sizes=\"(max-width: 1200px) 100vw, 1200px\" \/>\n\t\t\t\t\t\t\t\t<div class=\"lp-item-content\">\n\t\t\t\t\t\t\t\t\t<div class=\"fw-itable\">\n\t\t\t\t\t\t\t\t\t\t<div class=\"fw-icell\">\n\t\t\t\t\t\t\t\t\t\t\t<h4 class=\"lp-title\">SoSe23: The Fragments of Roundness<\/h4>\n\t\t\t\t\t\t\t\t\t\t\t<div class=\"lp-text\">\n\t\t\t\t\t\t\t\t\t\t\t\t<p>\u201eEvery being seems in itself round.\u201c wrote Karl Jaspers. In this seminar, we will study buildings and urban artifacts which are related to a particular form: roundness. Through observation, case study, research, analysis and reflection, we will be on a journey to seek our own answers to the questions: How do we define the fragments [\u2026]<\/p>\n\t\t\t\t\t\t\t\t\t\t\t<\/div>\n\t\t\t\t\t\t\t\t\t\t<\/div>\n\t\t\t\t\t\t\t\t\t<\/div>\n\t\t\t\t\t\t\t\t<\/div>\n\t\t\t\t\t\t\t<\/a>\n\t\t\t\t\t\t\t\t\t\t\t<\/div>\n\t\t\t\t<\/div>\n\t\t\t\t\t\t\t<div class=\"col-md-4 col-sm-4 col-xs-6\">\n\t\t\t\t\t<div class=\"lp-item\">\n\t\t\t\t\t\t\t\t\t\t\t\t\t<a href=\"https:\/\/fg.bsg.tu-berlin.de\/en\/sose2023-baugeschichte-ii\/\" class=\"lp-all-content-wrap\">\n\t\t\t\t\t\t\t\t<img width=\"1200\" height=\"900\" src=\"https:\/\/fg.bsg.tu-berlin.de\/wp-content\/uploads\/2023\/03\/Baugeschichte-II-c.jpg\" class=\"attachment-post-thumbnail size-post-thumbnail wp-post-image\" alt=\"\" loading=\"lazy\" srcset=\"https:\/\/fg.bsg.tu-berlin.de\/wp-content\/uploads\/2023\/03\/Baugeschichte-II-c.jpg 1200w, https:\/\/fg.bsg.tu-berlin.de\/wp-content\/uploads\/2023\/03\/Baugeschichte-II-c-300x225.jpg 300w, https:\/\/fg.bsg.tu-berlin.de\/wp-content\/uploads\/2023\/03\/Baugeschichte-II-c-768x576.jpg 768w, https:\/\/fg.bsg.tu-berlin.de\/wp-content\/uploads\/2023\/03\/Baugeschichte-II-c-16x12.jpg 16w, https:\/\/fg.bsg.tu-berlin.de\/wp-content\/uploads\/2023\/03\/Baugeschichte-II-c-393x295.jpg 393w, https:\/\/fg.bsg.tu-berlin.de\/wp-content\/uploads\/2023\/03\/Baugeschichte-II-c-786x590.jpg 786w\" sizes=\"(max-width: 1200px) 100vw, 1200px\" \/>\n\t\t\t\t\t\t\t\t<div class=\"lp-item-content\">\n\t\t\t\t\t\t\t\t\t<div class=\"fw-itable\">\n\t\t\t\t\t\t\t\t\t\t<div class=\"fw-icell\">\n\t\t\t\t\t\t\t\t\t\t\t<h4 class=\"lp-title\">SoSe2023 Baugeschichte II<\/h4>\n\t\t\t\t\t\t\t\t\t\t\t<div class=\"lp-text\">\n\t\t\t\t\t\t\t\t\t\t\t\t<p>Die Vorlesungen\u00a0Baugeschichte\u00a0I und\u00a0Baugeschichte\u00a0II\u00a0vermitteln anhand von Schl\u00fcsselobjekten die Kultur baulichen Schaffens der letzten 2\u00bd Jahrtausende. Form-, bedeutungs- und rezeptionsgeschichtliche Herangehensweisen sind ebenso wichtig wie die Frage nach epistemischen, sozialen oder r\u00e4umlichen Ordnungen und nach den Gestaltungs- und Realisierungsprozessen. Das Begreifen von Bauten als Ergebnis der Kooperation\/ Interaktion von Gestalter*innen und Planer*innen mit Auftraggeber*innen, Bauleuten, Institutionen, Wissenschaftler*innen [\u2026]<\/p>\n\t\t\t\t\t\t\t\t\t\t\t<\/div>\n\t\t\t\t\t\t\t\t\t\t<\/div>\n\t\t\t\t\t\t\t\t\t<\/div>\n\t\t\t\t\t\t\t\t<\/div>\n\t\t\t\t\t\t\t<\/a>\n\t\t\t\t\t\t\t\t\t\t\t<\/div>\n\t\t\t\t<\/div>\n\t\t\t\t\t\t\t<div class=\"col-md-4 col-sm-4 col-xs-6\">\n\t\t\t\t\t<div class=\"lp-item\">\n\t\t\t\t\t\t\t\t\t\t\t\t\t<a href=\"https:\/\/fg.bsg.tu-berlin.de\/en\/sose-23-re-use-wiederverwendung-von-baumaterialien-in-der-vergangenheit-und-heute\/\" class=\"lp-all-content-wrap\">\n\t\t\t\t\t\t\t\t<img width=\"1200\" height=\"900\" src=\"https:\/\/fg.bsg.tu-berlin.de\/wp-content\/uploads\/2023\/03\/Re-use-Rotte.jpg\" class=\"attachment-post-thumbnail size-post-thumbnail wp-post-image\" alt=\"\" loading=\"lazy\" srcset=\"https:\/\/fg.bsg.tu-berlin.de\/wp-content\/uploads\/2023\/03\/Re-use-Rotte.jpg 1200w, https:\/\/fg.bsg.tu-berlin.de\/wp-content\/uploads\/2023\/03\/Re-use-Rotte-300x225.jpg 300w, https:\/\/fg.bsg.tu-berlin.de\/wp-content\/uploads\/2023\/03\/Re-use-Rotte-768x576.jpg 768w, https:\/\/fg.bsg.tu-berlin.de\/wp-content\/uploads\/2023\/03\/Re-use-Rotte-16x12.jpg 16w, https:\/\/fg.bsg.tu-berlin.de\/wp-content\/uploads\/2023\/03\/Re-use-Rotte-393x295.jpg 393w, https:\/\/fg.bsg.tu-berlin.de\/wp-content\/uploads\/2023\/03\/Re-use-Rotte-786x590.jpg 786w\" sizes=\"(max-width: 1200px) 100vw, 1200px\" \/>\n\t\t\t\t\t\t\t\t<div class=\"lp-item-content\">\n\t\t\t\t\t\t\t\t\t<div class=\"fw-itable\">\n\t\t\t\t\t\t\t\t\t\t<div class=\"fw-icell\">\n\t\t\t\t\t\t\t\t\t\t\t<h4 class=\"lp-title\">SoSe 23\/ Re-use: Wiederverwendung von Baumaterialien in der Vergangenheit und heute<\/h4>\n\t\t\t\t\t\t\t\t\t\t\t<div class=\"lp-text\">\n\t\t\t\t\t\t\t\t\t\t\t\t<p>Die drei R\u2018 der Abfallhierarchie \u2013 Reduce, Re-use, Recycle-sind zu unserer Zeit ein Motto in Architekturdiskursen und \u2013 praktiken. In der Vergangenheit stellte es eine \u00f6konomische Notwendigkeit und gestalterische M\u00f6glichkeit dar, Geb\u00e4ude ganz oder teilweise und ihre einzelnen, auch kleinsten Bestandteile wiederzuverwenden. Bis in die Moderne geh\u00f6rte Wiederverwendung zur Normalit\u00e4t, w\u00e4hrend das Thema heute eine [\u2026]<\/p>\n\t\t\t\t\t\t\t\t\t\t\t<\/div>\n\t\t\t\t\t\t\t\t\t\t<\/div>\n\t\t\t\t\t\t\t\t\t<\/div>\n\t\t\t\t\t\t\t\t<\/div>\n\t\t\t\t\t\t\t<\/a>\n\t\t\t\t\t\t\t\t\t\t\t<\/div>\n\t\t\t\t<\/div>\n\t\t\t\t\t\t\t<div class=\"col-md-4 col-sm-4 col-xs-6\">\n\t\t\t\t\t<div class=\"lp-item\">\n\t\t\t\t\t\t\t\t\t\t\t\t\t<a href=\"https:\/\/fg.bsg.tu-berlin.de\/en\/sose-23-die-bauten-und-mahnmalsorte-der-ns-zeit\/\" class=\"lp-all-content-wrap\">\n\t\t\t\t\t\t\t\t<img width=\"1200\" height=\"900\" src=\"https:\/\/fg.bsg.tu-berlin.de\/wp-content\/uploads\/2023\/03\/Brichetti_JudishcesMuseum.jpg\" class=\"attachment-post-thumbnail size-post-thumbnail wp-post-image\" alt=\"\" loading=\"lazy\" srcset=\"https:\/\/fg.bsg.tu-berlin.de\/wp-content\/uploads\/2023\/03\/Brichetti_JudishcesMuseum.jpg 1200w, https:\/\/fg.bsg.tu-berlin.de\/wp-content\/uploads\/2023\/03\/Brichetti_JudishcesMuseum-300x225.jpg 300w, https:\/\/fg.bsg.tu-berlin.de\/wp-content\/uploads\/2023\/03\/Brichetti_JudishcesMuseum-768x576.jpg 768w, https:\/\/fg.bsg.tu-berlin.de\/wp-content\/uploads\/2023\/03\/Brichetti_JudishcesMuseum-16x12.jpg 16w, https:\/\/fg.bsg.tu-berlin.de\/wp-content\/uploads\/2023\/03\/Brichetti_JudishcesMuseum-393x295.jpg 393w, https:\/\/fg.bsg.tu-berlin.de\/wp-content\/uploads\/2023\/03\/Brichetti_JudishcesMuseum-786x590.jpg 786w\" sizes=\"(max-width: 1200px) 100vw, 1200px\" \/>\n\t\t\t\t\t\t\t\t<div class=\"lp-item-content\">\n\t\t\t\t\t\t\t\t\t<div class=\"fw-itable\">\n\t\t\t\t\t\t\t\t\t\t<div class=\"fw-icell\">\n\t\t\t\t\t\t\t\t\t\t\t<h4 class=\"lp-title\">SoSe 23: Die Bauten und Mahnmalsorte der NS-Zeit<\/h4>\n\t\t\t\t\t\t\t\t\t\t\t<div class=\"lp-text\">\n\t\t\t\t\t\t\t\t\t\t\t\t<p>Die Zeit des Nationalsozialismus hat in Berlin als ehemaliger Reichshauptstadt zahlreiche Spuren hinterlassen. Solche Spuren werden wir an Geb\u00e4uden besichtigen, um zentralen Aspekten des NS-Systems nachzugehen und kritisch zu diskutieren: Was sind charakteristische Merkmale einer,,Nazi-Architektur\u201c? Wie ging man seit 1945 mit NS-Architektur um? Welchen Einfluss hatte die allgemeine Aufarbeitung und Vergangenheitsbew\u00e4ltigung des Dritten Reichs seit [\u2026]<\/p>\n\t\t\t\t\t\t\t\t\t\t\t<\/div>\n\t\t\t\t\t\t\t\t\t\t<\/div>\n\t\t\t\t\t\t\t\t\t<\/div>\n\t\t\t\t\t\t\t\t<\/div>\n\t\t\t\t\t\t\t<\/a>\n\t\t\t\t\t\t\t\t\t\t\t<\/div>\n\t\t\t\t<\/div>\n\t\t\t\t\t\t\t<div class=\"col-md-4 col-sm-4 col-xs-6\">\n\t\t\t\t\t<div class=\"lp-item\">\n\t\t\t\t\t\t\t\t\t\t\t\t\t<a href=\"https:\/\/fg.bsg.tu-berlin.de\/en\/wise-22-23-wissenschaftliches-arbeiten\/\" class=\"lp-all-content-wrap\">\n\t\t\t\t\t\t\t\t<img width=\"1200\" height=\"900\" src=\"https:\/\/fg.bsg.tu-berlin.de\/wp-content\/uploads\/2022\/10\/photo4.jpg\" class=\"attachment-post-thumbnail size-post-thumbnail wp-post-image\" alt=\"\" loading=\"lazy\" srcset=\"https:\/\/fg.bsg.tu-berlin.de\/wp-content\/uploads\/2022\/10\/photo4.jpg 1200w, https:\/\/fg.bsg.tu-berlin.de\/wp-content\/uploads\/2022\/10\/photo4-300x225.jpg 300w, https:\/\/fg.bsg.tu-berlin.de\/wp-content\/uploads\/2022\/10\/photo4-768x576.jpg 768w, https:\/\/fg.bsg.tu-berlin.de\/wp-content\/uploads\/2022\/10\/photo4-16x12.jpg 16w, https:\/\/fg.bsg.tu-berlin.de\/wp-content\/uploads\/2022\/10\/photo4-393x295.jpg 393w, https:\/\/fg.bsg.tu-berlin.de\/wp-content\/uploads\/2022\/10\/photo4-786x590.jpg 786w\" sizes=\"(max-width: 1200px) 100vw, 1200px\" \/>\n\t\t\t\t\t\t\t\t<div class=\"lp-item-content\">\n\t\t\t\t\t\t\t\t\t<div class=\"fw-itable\">\n\t\t\t\t\t\t\t\t\t\t<div class=\"fw-icell\">\n\t\t\t\t\t\t\t\t\t\t\t<h4 class=\"lp-title\">WiSe 22\/23 Wissenschaftliches Arbeiten<\/h4>\n\t\t\t\t\t\t\t\t\t\t\t<div class=\"lp-text\">\n\t\t\t\t\t\t\t\t\t\t\t\t<p>Modul: Erforschung der Architektur 9LP Modulbestandteil: SE Wissenschaftliches Arbeiten 3 LP Fachgebiet : Bau- und Stadtbaugeschichte\u00a0 , Architekturtheorie, Architektursoziologie, Historische Bauforschung und Denkmalpflege Betreuer\/in: Melanie Nguyen, Hermann Schlimme, J\u00f6rg Gleiter, Martina L\u00f6w, Thekla Schulz-Brize Sprache: Deutsch Teilnehmerzahl: 140 Ort:\u00a0A53 Zeit: Mi. 08:00-10:00 Uhr 1. Veranstaltung: 19.10.22, 08:00 \u2013 10:00 Uhr Anmeldung: Moses + ISIS ISIS [\u2026]<\/p>\n\t\t\t\t\t\t\t\t\t\t\t<\/div>\n\t\t\t\t\t\t\t\t\t\t<\/div>\n\t\t\t\t\t\t\t\t\t<\/div>\n\t\t\t\t\t\t\t\t<\/div>\n\t\t\t\t\t\t\t<\/a>\n\t\t\t\t\t\t\t\t\t\t\t<\/div>\n\t\t\t\t<\/div>\n\t\t\t\t\t\t\t<div class=\"col-md-4 col-sm-4 col-xs-6\">\n\t\t\t\t\t<div class=\"lp-item\">\n\t\t\t\t\t\t\t\t\t\t\t\t\t<a href=\"https:\/\/fg.bsg.tu-berlin.de\/en\/wise-22-23-bauaufnahme\/\" class=\"lp-all-content-wrap\">\n\t\t\t\t\t\t\t\t<img width=\"1200\" height=\"900\" src=\"https:\/\/fg.bsg.tu-berlin.de\/wp-content\/uploads\/2022\/10\/2223_bauaufnahme_2.jpg\" class=\"attachment-post-thumbnail size-post-thumbnail wp-post-image\" alt=\"\" loading=\"lazy\" srcset=\"https:\/\/fg.bsg.tu-berlin.de\/wp-content\/uploads\/2022\/10\/2223_bauaufnahme_2.jpg 1200w, https:\/\/fg.bsg.tu-berlin.de\/wp-content\/uploads\/2022\/10\/2223_bauaufnahme_2-300x225.jpg 300w, https:\/\/fg.bsg.tu-berlin.de\/wp-content\/uploads\/2022\/10\/2223_bauaufnahme_2-768x576.jpg 768w, https:\/\/fg.bsg.tu-berlin.de\/wp-content\/uploads\/2022\/10\/2223_bauaufnahme_2-16x12.jpg 16w, https:\/\/fg.bsg.tu-berlin.de\/wp-content\/uploads\/2022\/10\/2223_bauaufnahme_2-393x295.jpg 393w, https:\/\/fg.bsg.tu-berlin.de\/wp-content\/uploads\/2022\/10\/2223_bauaufnahme_2-786x590.jpg 786w\" sizes=\"(max-width: 1200px) 100vw, 1200px\" \/>\n\t\t\t\t\t\t\t\t<div class=\"lp-item-content\">\n\t\t\t\t\t\t\t\t\t<div class=\"fw-itable\">\n\t\t\t\t\t\t\t\t\t\t<div class=\"fw-icell\">\n\t\t\t\t\t\t\t\t\t\t\t<h4 class=\"lp-title\">WiSe 22\/23 Bauaufnahme<\/h4>\n\t\t\t\t\t\t\t\t\t\t\t<div class=\"lp-text\">\n\t\t\t\t\t\t\t\t\t\t\t\t<p>Modul: \u00a0Erforschung der Architektur 9LPModulbestandteil:\u00a0UE Bauaufnahme 3LP Fachgebiet:\u00a0Bau- und Stadtbaugeschichte (Hermann Schlimme)Betreuerinnen: \u00a0Melanie Nguyen M.A; Liang Song M.Sc.; NNSprache: DeutschTeilnehmerzahl: 70 Ort: H2013 Zeiten: Einf\u00fchrungen: Dienstags 12:00- 14:00 Uhr ; 18.10. ,25.10, 01.11, 08.11.22 Exkursionswoche in Eberswalde: 22.11. \u2013 25.11.2022 (Block) 1.Veranstaltung: 18.10.22, 12:00-14:00 Uhr Anmeldung : Moses + ISIS Weitere Informationen und Anmeldung unter: [\u2026]<\/p>\n\t\t\t\t\t\t\t\t\t\t\t<\/div>\n\t\t\t\t\t\t\t\t\t\t<\/div>\n\t\t\t\t\t\t\t\t\t<\/div>\n\t\t\t\t\t\t\t\t<\/div>\n\t\t\t\t\t\t\t<\/a>\n\t\t\t\t\t\t\t\t\t\t\t<\/div>\n\t\t\t\t<\/div>\n\t\t\t\t\t\t\t<div class=\"col-md-4 col-sm-4 col-xs-6\">\n\t\t\t\t\t<div class=\"lp-item\">\n\t\t\t\t\t\t\t\t\t\t\t\t\t<a href=\"https:\/\/fg.bsg.tu-berlin.de\/en\/wise-22-23-tangyang-%e7%87%99%e6%a8%a3-chinese-paper-models-from-qing-dynasty\/\" class=\"lp-all-content-wrap\">\n\t\t\t\t\t\t\t\t<img width=\"1200\" height=\"900\" src=\"https:\/\/fg.bsg.tu-berlin.de\/wp-content\/uploads\/2022\/09\/SE-Tangyang_3.jpg\" class=\"attachment-post-thumbnail size-post-thumbnail wp-post-image\" alt=\"\" loading=\"lazy\" srcset=\"https:\/\/fg.bsg.tu-berlin.de\/wp-content\/uploads\/2022\/09\/SE-Tangyang_3.jpg 1200w, https:\/\/fg.bsg.tu-berlin.de\/wp-content\/uploads\/2022\/09\/SE-Tangyang_3-300x225.jpg 300w, https:\/\/fg.bsg.tu-berlin.de\/wp-content\/uploads\/2022\/09\/SE-Tangyang_3-768x576.jpg 768w, https:\/\/fg.bsg.tu-berlin.de\/wp-content\/uploads\/2022\/09\/SE-Tangyang_3-16x12.jpg 16w, https:\/\/fg.bsg.tu-berlin.de\/wp-content\/uploads\/2022\/09\/SE-Tangyang_3-393x295.jpg 393w, https:\/\/fg.bsg.tu-berlin.de\/wp-content\/uploads\/2022\/09\/SE-Tangyang_3-786x590.jpg 786w\" sizes=\"(max-width: 1200px) 100vw, 1200px\" \/>\n\t\t\t\t\t\t\t\t<div class=\"lp-item-content\">\n\t\t\t\t\t\t\t\t\t<div class=\"fw-itable\">\n\t\t\t\t\t\t\t\t\t\t<div class=\"fw-icell\">\n\t\t\t\t\t\t\t\t\t\t\t<h4 class=\"lp-title\">WiSe 22\/23- Tangyang \u71d9\u6a23: Chinese Paper Models from Qing Dynasty<\/h4>\n\t\t\t\t\t\t\t\t\t\t\t<div class=\"lp-text\">\n\t\t\t\t\t\t\t\t\t\t\t\t<p>Topic of the seminar are paper models of mausoleums from Qing Dynasty China. We will be working hands-on with the models conserved in the Ethnological Museums in Berlin. Through documenting the models and by means of digital reproductions we will learn about their materiality and their specific way of representing volume and space. Models are [\u2026]<\/p>\n\t\t\t\t\t\t\t\t\t\t\t<\/div>\n\t\t\t\t\t\t\t\t\t\t<\/div>\n\t\t\t\t\t\t\t\t\t<\/div>\n\t\t\t\t\t\t\t\t<\/div>\n\t\t\t\t\t\t\t<\/a>\n\t\t\t\t\t\t\t\t\t\t\t<\/div>\n\t\t\t\t<\/div>\n\t\t\t\t\t<\/div>\n\t<\/div>\n<\/div>\t<\/div>\n<\/div><\/div>\n\n\t<\/div>\n<\/section><section class=\"fw-main-row fw-section-no-padding\"\n\t\t style=\" \" >\n\t<div class=\"fw-container\">\n\t\t<div class=\"fw-row\">\n\t<div class=\"fw-col-sm-12\">\n\t<div class=\"fw-col-inner\">\n\t\t<div class=\"fw-divider-space  space-md clearfix\"  ><\/div>\t<\/div>\n<\/div><\/div>\n\n\t<\/div>\n<\/section><\/p>","protected":false},"excerpt":{"rendered":"<p>Topic of the seminar are paper models of mausoleums from Qing Dynasty China. We will be working hands-on with the models conserved in the Ethnological Museums in Berlin. Through documenting the models and by means of digital reproductions we will learn about their materiality and their specific way of representing volume and space. Models are [&hellip;]<\/p>","protected":false},"author":1,"featured_media":0,"parent":0,"menu_order":0,"comment_status":"closed","ping_status":"closed","template":"visual-builder-template.php","meta":[],"_links":{"self":[{"href":"https:\/\/fg.bsg.tu-berlin.de\/en\/wp-json\/wp\/v2\/pages\/166"}],"collection":[{"href":"https:\/\/fg.bsg.tu-berlin.de\/en\/wp-json\/wp\/v2\/pages"}],"about":[{"href":"https:\/\/fg.bsg.tu-berlin.de\/en\/wp-json\/wp\/v2\/types\/page"}],"author":[{"embeddable":true,"href":"https:\/\/fg.bsg.tu-berlin.de\/en\/wp-json\/wp\/v2\/users\/1"}],"replies":[{"embeddable":true,"href":"https:\/\/fg.bsg.tu-berlin.de\/en\/wp-json\/wp\/v2\/comments?post=166"}],"version-history":[{"count":55,"href":"https:\/\/fg.bsg.tu-berlin.de\/en\/wp-json\/wp\/v2\/pages\/166\/revisions"}],"predecessor-version":[{"id":1284,"href":"https:\/\/fg.bsg.tu-berlin.de\/en\/wp-json\/wp\/v2\/pages\/166\/revisions\/1284"}],"wp:attachment":[{"href":"https:\/\/fg.bsg.tu-berlin.de\/en\/wp-json\/wp\/v2\/media?parent=166"}],"curies":[{"name":"wp","href":"https:\/\/api.w.org\/{rel}","templated":true}]}}